{"id":75,"date":"2020-08-06T09:04:54","date_gmt":"2020-08-06T07:04:54","guid":{"rendered":"https:\/\/demo.markt-au.de\/maria-de-la-paz\/?page_id=75"},"modified":"2026-01-12T08:39:26","modified_gmt":"2026-01-12T07:39:26","slug":"elternbeirat","status":"publish","type":"page","link":"https:\/\/markt-au.de\/maria-de-la-paz\/fuer-unsere-eltern\/elternbeirat\/","title":{"rendered":"Elternbeirat"},"content":{"rendered":"<h1>\n<p>Was macht der Elternbeirat?<\/p>\n<\/h1>\n<p><img decoding=\"async\" src=\"\/maria-de-la-paz\/wp-content\/uploads\/sites\/5\/2020\/08\/mdlp_unterstrich.svg\" alt=\"\"><\/p>\n<div>\n<p>Der Elternbeirat bringt die Eltern und den Kindergarten zusammen. Er bildet die Br\u00fccke zwischen den Eltern, dem p\u00e4dagogischen Team, sowie dem Tr\u00e4ger und den Kindergartenreferenten der Einrichtung. Die Aufgaben und Rechte des Elternbeirats sind gesetzlich geregelt. Er wirkt beispielsweise bei Angelegenheiten, die f\u00fcr den Kindergarten von Bedeutung sind, beratend mit. Der Elternbeirat unterst\u00fctzt das Team des Kindergartens in Organisations- und Planungsangelegenheiten, z. B. bei Festen und Aktionen und vertritt die Einrichtung in der \u00d6ffentlichkeit. Weiter befasst er sich mit Problemen, die von Eltern an ihn herangetragen werden. Der Elternbeirat wird in einer Elternversammlung, zu Beginn eines Kindergartenjahres, jeweils f\u00fcr ein Jahr gew\u00e4hlt. Er setzt sich in der Regel aus Vertretern der einzelnen Gruppen zusammen. W\u00e4hrend des Jahres trifft sich der Elternbeirat zu organisierten Sitzungsterminen, um aktuelle Themen zu besprechen.<\/p>\n<\/div>\n<div>\n<p><strong>F\u00fcr die Organisation unserer Feste braucht der Elternbeirat engagierte Eltern, die zum Gelingen aktiv beitragen. Aktuelle Informationen k\u00f6nnen Sie den Aush\u00e4ngen an der Eingangst\u00fcre entnehmen. Der Elternbeirat freut sich \u00fcber viele helfende H\u00e4nde mit flinken Fingern.<\/strong><\/p>\n<p>Der Elternbeirat steht der gesamten Elternschaft stets als Ansprechpartner zur Verf\u00fcgung.<\/p>\n<p><em>Gerne k\u00f6nnen Sie unter dieser E-Mail-Adresse pers\u00f6nlich Kontakt mit ihm aufnehmen:<\/em><br \/><strong>elternbeirat@kigamdlp.de\u00a0<\/strong><\/p>\n<p>Wer lieber anonym bleiben m\u00f6chte, kann alternativ gerne den Briefkasten im Eingangsbereich nutzen, um mit dem Elternbeirat zu kommunizieren.<\/p>\n<\/div>\n<div>\n<p>Seine Aufgaben sind im Bayrischen Kinderbildungs- und Betreuungsgesetz (BayKiBiG) mit der Ausf\u00fchrungsverordnung (AVBayKiBiG) beschrieben.<\/p>\n<\/div>\n<ul>\n<li>\n<h3>Informieren<\/h3>\n<div>\n<ul>\n<li>Vertretung der Einrichtung in der \u00d6ffentlichkeit<\/li>\n<li>Verbesserungsvorschl\u00e4ge unterbreiten<\/li>\n<li>Austausch mit anderen Beir\u00e4ten<\/li>\n<\/ul>\n<\/div>\n<\/li>\n<li>\n<h3>Vermitteln<\/h3>\n<div>\n<ul>\n<li>Austausch mit Leitung, Tr\u00e4ger und Eltern<\/li>\n<li>Wahrnehmung von Bed\u00fcrfnissen<\/li>\n<li>Gespr\u00e4che mit Eltern<\/li>\n<li>Weitergabe von aktuellen Themen und Kritik<\/li>\n<\/ul>\n<\/div>\n<\/li>\n<li>\n<h3>Motivieren<\/h3>\n<div>\n<ul>\n<li>F\u00f6rderung von Elternbeteiligung bei Festen und Aktionen<\/li>\n<li>Anbieten von Begegnungsm\u00f6glichkeiten<\/li>\n<\/ul>\n<\/div>\n<\/li>\n<li>\n<h3>Vorstandschaft Kindergarten<\/h3>\n<div>\n<p>1.Vorsitzender: Robin Gr\u00e4f, Schmetterlinge<\/p>\n<p>2.Vorsitzender: J\u00fcrgen Puttke, K\u00e4fer<\/p>\n<p>Schriftf\u00fchrerin: Katharina Schromm, M\u00e4use<\/p>\n<p>Stv. Schriftf\u00fchrerin:\u00a0 Stefanie Dreier, B\u00e4ren<\/p>\n<p>Kassiererin: Verena Scheller, Igel<\/p>\n<p>Stv. Kassiererin: Katharina Schwartze, B\u00e4ren<\/p>\n<\/div>\n<\/li>\n<li>\n<h3>weitere Mitglieder Kindergarten<\/h3>\n<div>\n<p>\u00a0K\u00e4fergruppe: Lisa Stock<\/p>\n<p>\u00a0M\u00e4usegruppe: Stephanie Hagl<\/p>\n<p>\u00a0Schmetterlingsgruppe: Katharina Dotzler<\/p>\n<p>Igelgruppe: Evi Kellerer<\/p>\n<\/p>\n<\/div>\n<\/li>\n<li>\n<h3>Elternbeirat Krippe<\/h3>\n<div>\n<p>Vorsitzender:\u00a0 Florian Fendt, gr\u00fcne Zwerge<\/p>\n<p>Schriftf\u00fchrerin: Julia K\u00f6chel, blaue Zwerge<\/p>\n<p>Kassiererin: Silvana Westermaier, blaue Zwerg<\/p>\n<p>weitere Mitglieder:<\/p>\n<p>Kathrin Stampfl, gr\u00fcne Zwerge<\/p>\n<p>Bastian Held, blaue Zwerge<\/p>\n<\/p>\n<\/div>\n<\/li>\n<\/ul>\n<p><!--more--><br \/>\n<!-- {\"name\":\"elternbeirat_uebertrag\",\"type\":\"layout\",\"children\":[{\"type\":\"section\",\"props\":{\"image_position\":\"center-center\",\"style\":\"default\",\"title_breakpoint\":\"xl\",\"title_position\":\"top-left\",\"title_rotation\":\"left\",\"vertical_align\":\"\",\"width\":\"default\"},\"children\":[{\"type\":\"row\",\"children\":[{\"type\":\"column\",\"props\":{\"image_position\":\"center-center\",\"position_sticky_breakpoint\":\"m\"},\"children\":[{\"type\":\"breadcrumbs\",\"props\":{\"home_text\":\"Startseite\",\"show_current\":true,\"show_home\":true},\"modified\":\"2021-04-21T08:09:10.485Z\",\"name\":\"(Markt Au \\u2013 Maria de la paz) TEMPLATE | Breadcrumb\"},{\"type\":\"headline\",\"props\":{\"content\":\"\n\n<p>Was macht der Elternbeirat?<\\\/p>\",\"margin_remove_bottom\":true,\"title_element\":\"h1\"}},{\"type\":\"image\",\"props\":{\"image\":\"wp-content\\\/uploads\\\/sites\\\/5\\\/2020\\\/08\\\/mdlp_unterstrich.svg\",\"image_svg_animate\":true,\"image_svg_color\":\"secondary\",\"image_svg_inline\":true,\"image_width\":\"200\",\"margin\":\"default\",\"margin_remove_top\":true,\"position\":\"relative\",\"position_top\":\"-20\"}}]}]},{\"type\":\"row\",\"children\":[{\"type\":\"column\",\"props\":{\"image_position\":\"center-center\",\"position_sticky_breakpoint\":\"m\"},\"children\":[{\"type\":\"text\",\"props\":{\"column_breakpoint\":\"m\",\"content\":\"\n\n<p>Der Elternbeirat bringt die Eltern und den Kindergarten zusammen. Er bildet die Br\\u00fccke zwischen den Eltern, dem p\\u00e4dagogischen Team, sowie dem Tr\\u00e4ger und den Kindergartenreferenten der Einrichtung. Die Aufgaben und Rechte des Elternbeirats sind gesetzlich geregelt. Er wirkt beispielsweise bei Angelegenheiten, die f\\u00fcr den Kindergarten von Bedeutung sind, beratend mit. Der Elternbeirat unterst\\u00fctzt das Team des Kindergartens in Organisations- und Planungsangelegenheiten, z. B. bei Festen und Aktionen und vertritt die Einrichtung in der \\u00d6ffentlichkeit. Weiter befasst er sich mit Problemen, die von Eltern an ihn herangetragen werden. Der Elternbeirat wird in einer Elternversammlung, zu Beginn eines Kindergartenjahres, jeweils f\\u00fcr ein Jahr gew\\u00e4hlt. Er setzt sich in der Regel aus Vertretern der einzelnen Gruppen zusammen. W\\u00e4hrend des Jahres trifft sich der Elternbeirat zu organisierten Sitzungsterminen, um aktuelle Themen zu besprechen.<\\\/p>\",\"margin\":\"default\"}},{\"type\":\"text\",\"props\":{\"column_breakpoint\":\"m\",\"content\":\"\n\n<p><strong>F\\u00fcr die Organisation unserer Feste braucht der Elternbeirat engagierte Eltern, die zum Gelingen aktiv beitragen. Aktuelle Informationen k\\u00f6nnen Sie den Aush\\u00e4ngen an der Eingangst\\u00fcre entnehmen. Der Elternbeirat freut sich \\u00fcber viele helfende H\\u00e4nde mit flinken Fingern.<\\\/strong><\\\/p>\\n\n\n<p>Der Elternbeirat steht der gesamten Elternschaft stets als Ansprechpartner zur Verf\\u00fcgung.<\\\/p>\\n\n\n<p><em>Gerne k\\u00f6nnen Sie unter dieser E-Mail-Adresse pers\\u00f6nlich Kontakt mit ihm aufnehmen:<\\\/em><br \\\/><strong>elternbeirat@kigamdlp.de\\u00a0<\\\/strong><\\\/p>\\n\n\n<p>Wer lieber anonym bleiben m\\u00f6chte, kann alternativ gerne den Briefkasten im Eingangsbereich nutzen, um mit dem Elternbeirat zu kommunizieren.<\\\/p>\",\"margin\":\"default\"}}]}]},{\"type\":\"row\",\"children\":[{\"type\":\"column\",\"props\":{\"image_position\":\"center-center\",\"position_sticky_breakpoint\":\"m\"},\"children\":[{\"type\":\"text\",\"props\":{\"column_breakpoint\":\"m\",\"content\":\"\n\n<p>Seine Aufgaben sind im Bayrischen Kinderbildungs- und Betreuungsgesetz (BayKiBiG) mit der Ausf\\u00fchrungsverordnung (AVBayKiBiG) beschrieben.<\\\/p>\",\"margin\":\"default\"}}]}]},{\"type\":\"row\",\"children\":[{\"type\":\"column\",\"props\":{\"image_position\":\"center-center\",\"position_sticky_breakpoint\":\"m\"},\"children\":[{\"type\":\"grid\",\"props\":{\"content_column_breakpoint\":\"m\",\"filter_align\":\"left\",\"filter_all\":true,\"filter_grid_breakpoint\":\"m\",\"filter_grid_width\":\"auto\",\"filter_position\":\"top\",\"filter_style\":\"tab\",\"grid_default\":\"1\",\"grid_medium\":\"3\",\"icon_width\":80,\"image_align\":\"top\",\"image_grid_breakpoint\":\"m\",\"image_grid_width\":\"1-2\",\"image_svg_color\":\"emphasis\",\"item_animation\":true,\"lightbox_bg_close\":true,\"link_style\":\"default\",\"link_text\":\"Read more\",\"margin\":\"default\",\"meta_align\":\"below-title\",\"meta_element\":\"div\",\"meta_style\":\"text-meta\",\"parallax_easing\":\"1\",\"show_content\":true,\"show_hover_image\":true,\"show_hover_video\":true,\"show_image\":true,\"show_link\":true,\"show_meta\":true,\"show_title\":true,\"show_video\":true,\"title_align\":\"top\",\"title_element\":\"h3\",\"title_grid_breakpoint\":\"m\",\"title_grid_width\":\"1-2\",\"title_hover_style\":\"reset\"},\"children\":[{\"type\":\"grid_item\",\"props\":{\"content\":\"\n\n<ul>\\n\n\n<li>Vertretung der Einrichtung in der \\u00d6ffentlichkeit<\\\/li>\\n\n\n<li>Verbesserungsvorschl\\u00e4ge unterbreiten<\\\/li>\\n\n\n<li>Austausch mit anderen Beir\\u00e4ten<\\\/li>\\n<\\\/ul>\",\"title\":\"Informieren\"}},{\"type\":\"grid_item\",\"props\":{\"content\":\"\n\n<ul>\\n\n\n<li>Austausch mit Leitung, Tr\\u00e4ger und Eltern<\\\/li>\\n\n\n<li>Wahrnehmung von Bed\\u00fcrfnissen<\\\/li>\\n\n\n<li>Gespr\\u00e4che mit Eltern<\\\/li>\\n\n\n<li>Weitergabe von aktuellen Themen und Kritik<\\\/li>\\n<\\\/ul>\",\"title\":\"Vermitteln\"}},{\"type\":\"grid_item\",\"props\":{\"content\":\"\n\n<ul>\\n\n\n<li>F\\u00f6rderung von Elternbeteiligung bei Festen und Aktionen<\\\/li>\\n\n\n<li>Anbieten von Begegnungsm\\u00f6glichkeiten<\\\/li>\\n<\\\/ul>\",\"title\":\"Motivieren\"}},{\"type\":\"grid_item\",\"props\":{\"content\":\"\n\n<p>1.Vorsitzender: Robin Gr\\u00e4f, Schmetterlinge<\\\/p>\\n\n\n<p>2.Vorsitzender: J\\u00fcrgen Puttke, K\\u00e4fer<\\\/p>\\n\n\n<p>Schriftf\\u00fchrerin: Katharina Schromm, M\\u00e4use<\\\/p>\\n\n\n<p>Stv. Schriftf\\u00fchrerin:\\u00a0 Stefanie Dreier, B\\u00e4ren<\\\/p>\\n\n\n<p>Kassiererin: Verena Scheller, Igel<\\\/p>\\n\n\n<p>Stv. Kassiererin: Katharina Schwartze, B\\u00e4ren<\\\/p>\",\"title\":\"Vorstandschaft Kindergarten\"}},{\"type\":\"grid_item\",\"props\":{\"content\":\"\n\n<p>\\u00a0K\\u00e4fergruppe: Lisa Stock<\\\/p>\\n\n\n<p>\\u00a0M\\u00e4usegruppe: Stephanie Hagl<\\\/p>\\n\n\n<p>\\u00a0Schmetterlingsgruppe: Katharina Dotzler<\\\/p>\\n\n\n<p>Igelgruppe: Evi Kellerer<\\\/p>\\n\n\n<p><\\\/p>\",\"title\":\"weitere Mitglieder Kindergarten\"}},{\"type\":\"grid_item\",\"props\":{\"content\":\"\n\n<p>Vorsitzender:\\u00a0 Florian Fendt, gr\\u00fcne Zwerge<\\\/p>\\n\n\n<p>Schriftf\\u00fchrerin: Julia K\\u00f6chel, blaue Zwerge<\\\/p>\\n\n\n<p>Kassiererin: Silvana Westermaier, blaue Zwerg<\\\/p>\\n\n\n<p>weitere Mitglieder:<\\\/p>\\n\n\n<p>Kathrin Stampfl, gr\\u00fcne Zwerge<\\\/p>\\n\n\n<p>Bastian Held, blaue Zwerge<\\\/p>\\n\n\n<p><\\\/p>\",\"title\":\"Elternbeirat Krippe\"}}]}]}]}]}],\"version\":\"4.5.33\",\"yooessentialsVersion\":\"2.3.12\"} --><\/p>\n","protected":false},"excerpt":{"rendered":"<p>Was macht der Elternbeirat? Der Elternbeirat bringt die Eltern und den Kindergarten zusammen. Er bildet die Br\u00fccke zwischen den Eltern, dem p\u00e4dagogischen Team, sowie dem Tr\u00e4ger und den Kindergartenreferenten der [&hellip;]<\/p>\n","protected":false},"author":1,"featured_media":0,"parent":859,"menu_order":0,"comment_status":"closed","ping_status":"closed","template":"","meta":{"footnotes":""},"class_list":["post-75","page","type-page","status-publish","hentry"],"publishpress_future_action":{"enabled":false,"date":"2026-05-04 10:08:03","action":"change-status","newStatus":"draft","terms":[],"taxonomy":"","extraData":[]},"publishpress_future_workflow_manual_trigger":{"enabledWorkflows":[]},"_links":{"self":[{"href":"https:\/\/markt-au.de\/maria-de-la-paz\/wp-json\/wp\/v2\/pages\/75","targetHints":{"allow":["GET"]}}],"collection":[{"href":"https:\/\/markt-au.de\/maria-de-la-paz\/wp-json\/wp\/v2\/pages"}],"about":[{"href":"https:\/\/markt-au.de\/maria-de-la-paz\/wp-json\/wp\/v2\/types\/page"}],"author":[{"embeddable":true,"href":"https:\/\/markt-au.de\/maria-de-la-paz\/wp-json\/wp\/v2\/users\/1"}],"replies":[{"embeddable":true,"href":"https:\/\/markt-au.de\/maria-de-la-paz\/wp-json\/wp\/v2\/comments?post=75"}],"version-history":[{"count":73,"href":"https:\/\/markt-au.de\/maria-de-la-paz\/wp-json\/wp\/v2\/pages\/75\/revisions"}],"predecessor-version":[{"id":2588,"href":"https:\/\/markt-au.de\/maria-de-la-paz\/wp-json\/wp\/v2\/pages\/75\/revisions\/2588"}],"up":[{"embeddable":true,"href":"https:\/\/markt-au.de\/maria-de-la-paz\/wp-json\/wp\/v2\/pages\/859"}],"wp:attachment":[{"href":"https:\/\/markt-au.de\/maria-de-la-paz\/wp-json\/wp\/v2\/media?parent=75"}],"curies":[{"name":"wp","href":"https:\/\/api.w.org\/{rel}","templated":true}]}}