{"id":61,"date":"2020-08-06T09:04:29","date_gmt":"2020-08-06T07:04:29","guid":{"rendered":"https:\/\/demo.markt-au.de\/maria-de-la-paz\/?page_id=61"},"modified":"2023-11-16T12:28:20","modified_gmt":"2023-11-16T11:28:20","slug":"ganztageskinder","status":"publish","type":"page","link":"https:\/\/markt-au.de\/maria-de-la-paz\/organisatorisches\/ganztageskinder\/","title":{"rendered":"Ganztageskinder"},"content":{"rendered":"<h1>Ganztageskinder<\/h1>\n<p><img decoding=\"async\" src=\"\/maria-de-la-paz\/wp-content\/uploads\/sites\/5\/2020\/08\/mdlp_unterstrich.svg\" alt=\"\"><\/p>\n<div>\n<p><span>Die Kinder, die mindestens bis 13:00 Uhr gebucht haben, gehen um 12:00 Uhr zum gemeinsamen Mittagessen in die Stammgruppe und ruhen sich danach aus. Um die t\u00e4gliche \u00d6ffnungszeit von 9 Stunden realisieren zu k\u00f6nnen, werden die Kinder von 7:00 Uhr bis 8:00 Uhr au\u00dferhalb ihrer Stammgruppen zusammengefasst. Ebenso von 13:00 Uhr bis 16:00 Uhr.<\/span><\/p>\n<\/div>\n<p><!--more--><br \/>\n<!-- {\"name\":\"ganztageskinder_uebertrag\",\"type\":\"layout\",\"children\":[{\"type\":\"section\",\"props\":{\"image_position\":\"center-center\",\"style\":\"default\",\"title_breakpoint\":\"xl\",\"title_position\":\"top-left\",\"title_rotation\":\"left\",\"vertical_align\":\"middle\",\"width\":\"default\"},\"children\":[{\"type\":\"row\",\"children\":[{\"type\":\"column\",\"props\":{\"image_position\":\"center-center\",\"position_sticky_breakpoint\":\"m\"},\"children\":[{\"type\":\"headline\",\"props\":{\"content\":\"Ganztageskinder\",\"title_element\":\"h1\"}},{\"type\":\"image\",\"props\":{\"image\":\"wp-content\\\/uploads\\\/sites\\\/5\\\/2020\\\/08\\\/mdlp_unterstrich.svg\",\"image_svg_animate\":true,\"image_svg_color\":\"secondary\",\"image_svg_inline\":true,\"image_width\":\"200\",\"margin\":\"default\",\"position\":\"relative\",\"position_top\":\"-20\"}},{\"type\":\"text\",\"props\":{\"column_breakpoint\":\"m\",\"content\":\"\n\n<p><span>Die Kinder, die mindestens bis 13:00 Uhr gebucht haben, gehen um 12:00 Uhr zum gemeinsamen Mittagessen in die Stammgruppe und ruhen sich danach aus. Um die t\\u00e4gliche \\u00d6ffnungszeit von 9 Stunden realisieren zu k\\u00f6nnen, werden die Kinder von 7:00 Uhr bis 8:00 Uhr au\\u00dferhalb ihrer Stammgruppen zusammengefasst. Ebenso von 13:00 Uhr bis 16:00 Uhr.<\\\/span><\\\/p>\",\"margin\":\"default\"}}]}]}]}],\"version\":\"4.2.5\",\"yooessentialsVersion\":\"2.0.19\"} --><\/p>\n","protected":false},"excerpt":{"rendered":"<p>Ganztageskinder Die Kinder, die mindestens bis 13:00 Uhr gebucht haben, gehen um 12:00 Uhr zum gemeinsamen Mittagessen in die Stammgruppe und ruhen sich danach aus. Um die t\u00e4gliche \u00d6ffnungszeit von [&hellip;]<\/p>\n","protected":false},"author":1,"featured_media":0,"parent":1616,"menu_order":0,"comment_status":"closed","ping_status":"closed","template":"","meta":{"footnotes":""},"class_list":["post-61","page","type-page","status-publish","hentry"],"publishpress_future_action":{"enabled":false,"date":"2026-05-04 10:18:16","action":"change-status","newStatus":"draft","terms":[],"taxonomy":"","extraData":[]},"publishpress_future_workflow_manual_trigger":{"enabledWorkflows":[]},"_links":{"self":[{"href":"https:\/\/markt-au.de\/maria-de-la-paz\/wp-json\/wp\/v2\/pages\/61","targetHints":{"allow":["GET"]}}],"collection":[{"href":"https:\/\/markt-au.de\/maria-de-la-paz\/wp-json\/wp\/v2\/pages"}],"about":[{"href":"https:\/\/markt-au.de\/maria-de-la-paz\/wp-json\/wp\/v2\/types\/page"}],"author":[{"embeddable":true,"href":"https:\/\/markt-au.de\/maria-de-la-paz\/wp-json\/wp\/v2\/users\/1"}],"replies":[{"embeddable":true,"href":"https:\/\/markt-au.de\/maria-de-la-paz\/wp-json\/wp\/v2\/comments?post=61"}],"version-history":[{"count":22,"href":"https:\/\/markt-au.de\/maria-de-la-paz\/wp-json\/wp\/v2\/pages\/61\/revisions"}],"predecessor-version":[{"id":2382,"href":"https:\/\/markt-au.de\/maria-de-la-paz\/wp-json\/wp\/v2\/pages\/61\/revisions\/2382"}],"up":[{"embeddable":true,"href":"https:\/\/markt-au.de\/maria-de-la-paz\/wp-json\/wp\/v2\/pages\/1616"}],"wp:attachment":[{"href":"https:\/\/markt-au.de\/maria-de-la-paz\/wp-json\/wp\/v2\/media?parent=61"}],"curies":[{"name":"wp","href":"https:\/\/api.w.org\/{rel}","templated":true}]}}