{"id":24,"date":"2020-08-06T08:59:47","date_gmt":"2020-08-06T06:59:47","guid":{"rendered":"https:\/\/demo.markt-au.de\/maria-de-la-paz\/?page_id=24"},"modified":"2021-11-16T09:48:45","modified_gmt":"2021-11-16T08:48:45","slug":"teamwork-zusammenarbeit-mit-eltern","status":"publish","type":"page","link":"https:\/\/markt-au.de\/maria-de-la-paz\/fuer-unsere-eltern\/teamwork-zusammenarbeit-mit-eltern\/","title":{"rendered":"Teamwork \u2013 Zusammenarbeit mit den Eltern"},"content":{"rendered":"<h1>\n<p>Teamwork \u2013 Zusammenarbeit mit den Eltern<\/p>\n<\/h1>\n<p><img decoding=\"async\" src=\"\/maria-de-la-paz\/wp-content\/uploads\/sites\/5\/2020\/08\/mdlp_unterstrich.svg\" alt=\"\"><\/p>\n<div>\n<p><em>&#8222;Erziehung ist Beispiel und Liebe, sonst nichts.&#8220;\u00a0 ~Friedrich Fr\u00f6bel<\/em><\/p>\n<\/div>\n<div>\n<p><strong>Dies beinhaltet und bedeutet f\u00fcr uns in der Elternarbeit:<\/strong><\/p>\n<\/div>\n<ul>\n<li>\n<div>\n<p>Wir sind eine familienerg\u00e4nzende Einrichtung und wollen die Eltern in ihrem Erziehungsauftrag unterst\u00fctzen.<\/p>\n<\/div>\n<\/li>\n<li>\n<div>\n<p>Wir nehmen die Bed\u00fcrfnisse der Familien durch Elterngespr\u00e4che, Umfragen und Hospitationen als unseren gesellschaftlichen Auftrag wahr.<\/p>\n<\/div>\n<\/li>\n<li>\n<div>\n<p>Gemeinsam bewegen wir mehr f\u00fcr die Kinder. Anregungen, Kritik \u2013 Sorgen und \u00c4ngste nehmen wir ernst.<\/p>\n<\/div>\n<\/li>\n<li>\n<div>\n<p>Wir schaffen St\u00e4tten der Begegnungen bei Festen, Feiern, Veranstaltungen und die vielf\u00e4ltige Art, bei denen sich Eltern in unsere Arbeit einbringen k\u00f6nnen.<\/p>\n<\/div>\n<\/li>\n<li>\n<div>\n<p>Wir informieren die Eltern regelm\u00e4\u00dfig durch Aush\u00e4nge, Mitteilungen und Gespr\u00e4che und machen unsere Arbeit transparent.<\/p>\n<\/div>\n<\/li>\n<li>\n<div>\n<p>Auf die Meinung und Mitarbeit unserer Elternvertretung (Elternbeirat) legen wir gro\u00dfen Wert.<\/p>\n<\/div>\n<\/li>\n<\/ul>\n<p><img decoding=\"async\" src=\"\/maria-de-la-paz\/wp-content\/uploads\/sites\/5\/2020\/08\/mdlp_teamwork.jpg\" alt=\"\"><\/p>\n<p><!--more--><br \/>\n<!-- {\"type\":\"layout\",\"children\":[{\"type\":\"section\",\"props\":{\"style\":\"default\",\"width\":\"default\",\"vertical_align\":\"middle\",\"title_position\":\"top-left\",\"title_rotation\":\"left\",\"title_breakpoint\":\"xl\",\"image_position\":\"center-center\"},\"children\":[{\"type\":\"row\",\"children\":[{\"type\":\"column\",\"props\":{\"image_position\":\"center-center\",\"media_overlay_gradient\":\"\",\"width_medium\":\"\"},\"children\":[{\"type\":\"breadcrumbs\",\"props\":{\"show_home\":true,\"show_current\":true,\"home_text\":\"Startseite\"},\"modified\":\"2021-04-21T08:09:10.485Z\",\"name\":\"(Markt Au \\u2013 Maria de la paz) TEMPLATE | Breadcrumb\"},{\"type\":\"headline\",\"props\":{\"title_element\":\"h1\",\"content\":\"\n\n<p>Teamwork \\u2013 Zusammenarbeit mit den Eltern<\\\/p>\",\"margin_remove_bottom\":true}},{\"type\":\"image\",\"props\":{\"margin\":\"default\",\"image_svg_color\":\"secondary\",\"image\":\"wp-content\\\/uploads\\\/sites\\\/5\\\/2020\\\/08\\\/mdlp_unterstrich.svg\",\"image_width\":\"200\",\"image_svg_inline\":true,\"image_svg_animate\":true,\"margin_remove_top\":true,\"position\":\"relative\",\"position_top\":\"-20\"}},{\"type\":\"text\",\"props\":{\"margin\":\"default\",\"column_breakpoint\":\"m\",\"content\":\"\n\n<p><em>\\\"Erziehung ist Beispiel und Liebe, sonst nichts.\\\"\\u00a0 ~Friedrich Fr\\u00f6bel<\\\/em><\\\/p>\",\"text_size\":\"large\"}}]}]},{\"type\":\"row\",\"children\":[{\"type\":\"column\",\"props\":{\"image_position\":\"center-center\",\"media_overlay_gradient\":\"\",\"width_medium\":\"2-3\"},\"children\":[{\"type\":\"text\",\"props\":{\"margin\":\"default\",\"column_breakpoint\":\"m\",\"content\":\"\n\n<p><strong>Dies beinhaltet und bedeutet f\\u00fcr uns in der Elternarbeit:<\\\/strong><\\\/p>\"}},{\"type\":\"list\",\"props\":{\"show_image\":true,\"show_link\":true,\"list_element\":\"ul\",\"column_breakpoint\":\"m\",\"image_svg_color\":\"emphasis\",\"image_align\":\"left\",\"image_vertical_align\":true,\"list_marker\":\"disc\"},\"children\":[{\"type\":\"list_item\",\"props\":{\"content\":\"\n\n<p>Wir sind eine familienerg\\u00e4nzende Einrichtung und wollen die Eltern in ihrem Erziehungsauftrag unterst\\u00fctzen.<\\\/p>\"}},{\"type\":\"list_item\",\"props\":{\"content\":\"\n\n<p>Wir nehmen die Bed\\u00fcrfnisse der Familien durch Elterngespr\\u00e4che, Umfragen und Hospitationen als unseren gesellschaftlichen Auftrag wahr.<\\\/p>\"}},{\"type\":\"list_item\",\"props\":{\"content\":\"\n\n<p>Gemeinsam bewegen wir mehr f\\u00fcr die Kinder. Anregungen, Kritik \\u2013 Sorgen und \\u00c4ngste nehmen wir ernst.<\\\/p>\"}},{\"type\":\"list_item\",\"props\":{\"content\":\"\n\n<p>Wir schaffen St\\u00e4tten der Begegnungen bei Festen, Feiern, Veranstaltungen und die vielf\\u00e4ltige Art, bei denen sich Eltern in unsere Arbeit einbringen k\\u00f6nnen.<\\\/p>\"}},{\"type\":\"list_item\",\"props\":{\"content\":\"\n\n<p>Wir informieren die Eltern regelm\\u00e4\\u00dfig durch Aush\\u00e4nge, Mitteilungen und Gespr\\u00e4che und machen unsere Arbeit transparent.<\\\/p>\"}},{\"type\":\"list_item\",\"props\":{\"content\":\"\n\n<p>Auf die Meinung und Mitarbeit unserer Elternvertretung (Elternbeirat) legen wir gro\\u00dfen Wert.<\\\/p>\"}}]}]},{\"type\":\"column\",\"props\":{\"image_position\":\"center-center\",\"media_overlay_gradient\":\"\",\"width_medium\":\"1-3\"},\"children\":[{\"type\":\"image\",\"props\":{\"margin\":\"default\",\"image_svg_color\":\"emphasis\",\"image\":\"wp-content\\\/uploads\\\/sites\\\/5\\\/2020\\\/08\\\/mdlp_teamwork.jpg\",\"image_height\":\"370\"}}]}],\"props\":{\"layout\":\"2-3,1-3\"}}]}],\"version\":\"2.4.1\"} --><\/p>\n","protected":false},"excerpt":{"rendered":"<p>Teamwork \u2013 Zusammenarbeit mit den Eltern &#8222;Erziehung ist Beispiel und Liebe, sonst nichts.&#8220;\u00a0 ~Friedrich Fr\u00f6bel Dies beinhaltet und bedeutet f\u00fcr uns in der Elternarbeit: Wir sind eine familienerg\u00e4nzende Einrichtung und [&hellip;]<\/p>\n","protected":false},"author":1,"featured_media":0,"parent":859,"menu_order":0,"comment_status":"closed","ping_status":"closed","template":"","meta":{"footnotes":""},"class_list":["post-24","page","type-page","status-publish","hentry"],"publishpress_future_action":{"enabled":false,"date":"2026-05-02 10:18:19","action":"change-status","newStatus":"draft","terms":[],"taxonomy":"","extraData":[]},"publishpress_future_workflow_manual_trigger":{"enabledWorkflows":[]},"_links":{"self":[{"href":"https:\/\/markt-au.de\/maria-de-la-paz\/wp-json\/wp\/v2\/pages\/24","targetHints":{"allow":["GET"]}}],"collection":[{"href":"https:\/\/markt-au.de\/maria-de-la-paz\/wp-json\/wp\/v2\/pages"}],"about":[{"href":"https:\/\/markt-au.de\/maria-de-la-paz\/wp-json\/wp\/v2\/types\/page"}],"author":[{"embeddable":true,"href":"https:\/\/markt-au.de\/maria-de-la-paz\/wp-json\/wp\/v2\/users\/1"}],"replies":[{"embeddable":true,"href":"https:\/\/markt-au.de\/maria-de-la-paz\/wp-json\/wp\/v2\/comments?post=24"}],"version-history":[{"count":45,"href":"https:\/\/markt-au.de\/maria-de-la-paz\/wp-json\/wp\/v2\/pages\/24\/revisions"}],"predecessor-version":[{"id":1922,"href":"https:\/\/markt-au.de\/maria-de-la-paz\/wp-json\/wp\/v2\/pages\/24\/revisions\/1922"}],"up":[{"embeddable":true,"href":"https:\/\/markt-au.de\/maria-de-la-paz\/wp-json\/wp\/v2\/pages\/859"}],"wp:attachment":[{"href":"https:\/\/markt-au.de\/maria-de-la-paz\/wp-json\/wp\/v2\/media?parent=24"}],"curies":[{"name":"wp","href":"https:\/\/api.w.org\/{rel}","templated":true}]}}